{"id":1487,"date":"2020-02-20T17:24:32","date_gmt":"2020-02-20T16:24:32","guid":{"rendered":"http:\/\/www.idona.sk\/profil-2\/"},"modified":"2026-02-19T15:58:44","modified_gmt":"2026-02-19T14:58:44","slug":"uber-uns","status":"publish","type":"page","link":"https:\/\/www.idona.sk\/de\/uber-uns\/","title":{"rendered":"\u00dcBER UNS"},"content":{"rendered":"<div class=\"wpb-content-wrapper\"><p>[vc_row full_width=&#8220;stretch_row&#8220; remove_padding=&#8220;no-padding-vc-row&#8220; el_id=&#8220;profil&#8220;][vc_column width=&#8220;1\/12&#8243;][\/vc_column][vc_column width=&#8220;10\/12&#8243;][vc_empty_space height=&#8220;60px&#8220;][vc_column_text el_class=&#8220;txtbig&#8220;]Seit 1989 produziert IDONA ma\u00dfgeschneiderte M\u00f6bel f\u00fcr Hotels, B\u00fcros, Retail, private H\u00e4user und Villen. Der Bedarf, die Vorstellungen von Investoren mit Ideen der Architekten und den Herstellungsm\u00f6glichkeiten zu verkn\u00fcpfen, um ein einzigartiges Interieur zu schaffen, ist f\u00fcr uns eine angenehme Herausforderung, die wir immer wieder gerne ergreifen. Unser aktueller Fokus liegt auf Hoteleinrichtung, bestehend aus Zimmerm\u00f6blierung, Aufbau von \u00d6ffentlichen Bereichen und Lieferung inkl. Installation von FF&amp;E.[\/vc_column_text][vc_empty_space height=&#8220;40px&#8220;][\/vc_column][vc_column width=&#8220;1\/12&#8243;][\/vc_column][\/vc_row][vc_row full_width=&#8220;stretch_row_content_no_spaces&#8220; remove_padding=&#8220;no-padding-vc-row&#8220; bg_type=&#8220;image&#8220; parallax_style=&#8220;vcpb-vz-jquery&#8220; bg_image_new=&#8220;id^510|url^http:\/\/www.idona.sk\/wp-content\/uploads\/2020\/02\/dielnaIdona_1920x1280.jpg|caption^null|alt^null|title^dielnaIdona_1920x1280|description^null&#8220; bg_image_repeat=&#8220;no-repeat&#8220; bg_img_attach=&#8220;fixed&#8220; parallax_sense=&#8220;30&#8243; css=&#8220;.vc_custom_1582217969690{margin-top: 0px !important;margin-bottom: 0px !important;padding-top: 160px !important;padding-bottom: 160px !important;}&#8220;][vc_column][\/vc_column][\/vc_row][vc_row full_width=&#8220;stretch_row&#8220; content_placement=&#8220;middle&#8220; remove_padding=&#8220;no-padding-vc-row&#8220; bg_type=&#8220;image&#8220; parallax_style=&#8220;vcpb-default&#8220; bg_image_new=&#8220;id^516|url^http:\/\/www.idona.sk\/wp-content\/uploads\/2020\/02\/tileBioGoldGrey_173.jpg|caption^null|alt^null|title^tileBioGoldGrey_173|description^null&#8220; bg_image_size=&#8220;initial&#8220; css=&#8220;.vc_custom_1611914835463{margin-top: 0px !important;margin-bottom: 0px !important;padding-top: 80px !important;padding-bottom: 60px !important;}&#8220;][vc_column][vc_row_inner gap=&#8220;10&#8243;][vc_column_inner width=&#8220;1\/12&#8243;][\/vc_column_inner][vc_column_inner width=&#8220;6\/12&#8243;][vc_column_text el_class=&#8220;white&#8220;]IDONA Team mit mehr als 60 erfahrenen Experten verf\u00fcgt \u00fcber eigene S\u00e4getechnologien, leistet Fr\u00e4sarbeiten durch CNC-Maschinen und Kantenverklebung mit LASER, PUR oder EVO-Technologien.<br \/>\nEin wichtiger Bestandteil unseres Unternehmens ist die TEVO-Abteilung, im Rahmen welcher die Werksplanung \u00a0von unseren Konstrukteuren je nach Angaben und vorheriger Konsultation mit Architekten vorbereitet wird. Die Dokumentation aller Werkspl\u00e4ne wird bis zum Ablauf von 10 Jahren archiviert.[\/vc_column_text][\/vc_column_inner][vc_column_inner width=&#8220;4\/12&#8243;][vc_column_text el_class=&#8220;white&#8220;]Unser Unternehmen wurde im Jahr 2004 nach der ISO-Norm 9001:2000 im Bereich \u201eEntwurf, M\u00f6belproduktion und Objekteinrichtung\u201c zertifiziert.<\/p>\n<p>Im Jahr 2007 erlangte IDONA eine Zertifizierung nach der neuen ISO-Norm 9001:2008.[\/vc_column_text][\/vc_column_inner][vc_column_inner width=&#8220;1\/12&#8243;][\/vc_column_inner][\/vc_row_inner][\/vc_column][\/vc_row][vc_row full_width=&#8220;stretch_row&#8220; remove_padding=&#8220;no-padding-vc-row&#8220; css=&#8220;.vc_custom_1612527197651{margin-top: 0px !important;margin-bottom: 0px !important;padding-top: 80px !important;padding-bottom: 60px !important;}&#8220; el_id=&#8220;geschichte&#8220;][vc_column][vc_empty_space height=&#8220;2vw&#8220;][vc_column_text css_animation=&#8220;bounceIn&#8220; css=&#8220;.vc_custom_1603293998539{margin-top: 0px !important;margin-bottom: 15px !important;}&#8220;]<img decoding=\"async\" class=\"style-svg aligncenter\" src=\"\/wp-content\/uploads\/2020\/10\/Watch.svg\" alt=\"\" width=\"58px\" height=\"58px\" \/>[\/vc_column_text][vc_column_text el_class=&#8220;realName&#8220;]<\/p>\n<p style=\"text-align: center;\">Geschichte<\/p>\n<p>[\/vc_column_text][vc_empty_space height=&#8220;40px&#8220;][vc_row_inner content_placement=&#8220;middle&#8220;][vc_column_inner width=&#8220;1\/12&#8243;][\/vc_column_inner][vc_column_inner width=&#8220;2\/12&#8243;][vc_column_text css=&#8220;.vc_custom_1599571352589{margin-bottom: 0px !important;}&#8220; el_class=&#8220;yearNo&#8220;]<\/p>\n<p style=\"text-align: center;\">1989<\/p>\n<p>[\/vc_column_text][vc_single_image image=&#8220;542&#8243; img_size=&#8220;full&#8220; alignment=&#8220;center&#8220; el_class=&#8220;yearLine&#8220;][\/vc_column_inner][vc_column_inner width=&#8220;3\/12&#8243;][vc_single_image image=&#8220;541&#8243; img_size=&#8220;215&#215;215&#8243; alignment=&#8220;center&#8220; style=&#8220;vc_box_outline_circle_2&#8243; css_animation=&#8220;appear&#8220; el_class=&#8220;greyImg&#8220;][\/vc_column_inner][vc_column_inner width=&#8220;5\/12&#8243;][vc_column_text]Die Geschichte von IDONA beginnt im Jahr 1989, nur drei Tage vor dem 17. November 1989. So wie damals, wollen und k\u00f6nnen wir auch heute einen Schritt weiter sein&#8230;<br \/>\nIDONA geh\u00f6rt zu den f\u00fchrenden slowakischen M\u00f6belproduzenten von komplexen L\u00f6sungen f\u00fcr Hotels, Restaurants, B\u00fcros und Privatgeb\u00e4ude. Die Qualit\u00e4t von unseren Leistungen und Service bringt Mehrwert haupts\u00e4chlich in Form von exklusiven technischen und Designl\u00f6sungen. Wir verw\u00f6hnen unsere Kunden mit Einzigartigkeit der Details, mit st\u00e4ndiger und von deren Geschmack abh\u00e4ngiger Innovation, mit herzgewinnender Sophistizit\u00e4t und au\u00dfergew\u00f6hnlichen M\u00f6belaccessoires.[\/vc_column_text][\/vc_column_inner][vc_column_inner width=&#8220;1\/12&#8243;][\/vc_column_inner][\/vc_row_inner][vc_row_inner css=&#8220;.vc_custom_1599572443415{margin-top: 0px !important;margin-bottom: 0px !important;}&#8220;][vc_column_inner][vc_single_image image=&#8220;542&#8243; img_size=&#8220;full&#8220; alignment=&#8220;center&#8220; el_class=&#8220;yearLineVertical&#8220;][\/vc_column_inner][\/vc_row_inner][vc_row_inner content_placement=&#8220;middle&#8220;][vc_column_inner width=&#8220;1\/12&#8243;][\/vc_column_inner][vc_column_inner width=&#8220;2\/12&#8243;][vc_column_text css=&#8220;.vc_custom_1599571359720{margin-bottom: 0px !important;}&#8220; el_class=&#8220;yearNo&#8220;]<\/p>\n<p style=\"text-align: center;\">1990<\/p>\n<p>[\/vc_column_text][vc_single_image image=&#8220;542&#8243; img_size=&#8220;full&#8220; alignment=&#8220;center&#8220; el_class=&#8220;yearLine&#8220;][\/vc_column_inner][vc_column_inner width=&#8220;3\/12&#8243;][vc_single_image image=&#8220;543&#8243; img_size=&#8220;215&#215;215&#8243; alignment=&#8220;center&#8220; style=&#8220;vc_box_outline_circle_2&#8243; css_animation=&#8220;appear&#8220; el_class=&#8220;greyImg&#8220;][\/vc_column_inner][vc_column_inner width=&#8220;5\/12&#8243;][vc_column_text]Die Dekade der 90er Jahren ist mit erfolgreichen Realisierungen im Segment \u201eB\u00fcros und Banken\u201c dank der professionell geschafften Verbindung der handwerklichen Geschicklichkeit von unseren Tischlern mit ansteigenden neuen Produktionsstandards bezeichnet. Die Produktion wird durch fortlaufende CNC-Technologien sowie Beratungsservice im sogenannten \u201espace plan service\u201c erg\u00e4nzt.[\/vc_column_text][\/vc_column_inner][vc_column_inner width=&#8220;1\/12&#8243;][\/vc_column_inner][\/vc_row_inner][vc_row_inner css=&#8220;.vc_custom_1599572443415{margin-top: 0px !important;margin-bottom: 0px !important;}&#8220;][vc_column_inner][vc_single_image image=&#8220;542&#8243; img_size=&#8220;full&#8220; alignment=&#8220;center&#8220; el_class=&#8220;yearLineVertical&#8220;][\/vc_column_inner][\/vc_row_inner][vc_row_inner content_placement=&#8220;middle&#8220;][vc_column_inner width=&#8220;1\/12&#8243;][\/vc_column_inner][vc_column_inner width=&#8220;2\/12&#8243;][vc_column_text css=&#8220;.vc_custom_1599572270883{margin-bottom: 0px !important;}&#8220; el_class=&#8220;yearNo&#8220;]<\/p>\n<p style=\"text-align: center;\">2000<\/p>\n<p>[\/vc_column_text][vc_single_image image=&#8220;542&#8243; img_size=&#8220;full&#8220; alignment=&#8220;center&#8220; el_class=&#8220;yearLine&#8220;][\/vc_column_inner][vc_column_inner width=&#8220;3\/12&#8243;][vc_single_image image=&#8220;547&#8243; img_size=&#8220;215&#215;215&#8243; alignment=&#8220;center&#8220; style=&#8220;vc_box_outline_circle_2&#8243; css_animation=&#8220;appear&#8220; el_class=&#8220;greyImg&#8220;][\/vc_column_inner][vc_column_inner width=&#8220;5\/12&#8243;][vc_column_text]Zum Milleniumswechsel besch\u00e4ftigt IDONA mehr als 50 Mitarbeiter und verf\u00fcgt \u00fcber zahlreiche Einrichtungen in dem Bankensektor. Unsere Marke und deren Qualit\u00e4t geh\u00f6ren zu den regelm\u00e4\u00dfig gesch\u00e4tzten Teilnehmern auf den inl\u00e4ndischen sowie internationalen Messen (Nitra \u2013 SK, K\u00f6ln am Rhein \u2013 DE).<br \/>\nUnsere Aktivit\u00e4ten erweitern wir um das Segment von Hotel- und Restaurantinterieurs.[\/vc_column_text][\/vc_column_inner][vc_column_inner width=&#8220;1\/12&#8243;][\/vc_column_inner][\/vc_row_inner][vc_row_inner css=&#8220;.vc_custom_1599572443415{margin-top: 0px !important;margin-bottom: 0px !important;}&#8220;][vc_column_inner][vc_single_image image=&#8220;542&#8243; img_size=&#8220;full&#8220; alignment=&#8220;center&#8220; el_class=&#8220;yearLineVertical&#8220;][\/vc_column_inner][\/vc_row_inner][vc_row_inner content_placement=&#8220;middle&#8220;][vc_column_inner width=&#8220;1\/12&#8243;][\/vc_column_inner][vc_column_inner width=&#8220;2\/12&#8243;][vc_column_text css=&#8220;.vc_custom_1599576699540{margin-bottom: 0px !important;}&#8220; el_class=&#8220;yearNo&#8220;]<\/p>\n<p style=\"text-align: center;\">2004<\/p>\n<p>[\/vc_column_text][vc_single_image image=&#8220;542&#8243; img_size=&#8220;full&#8220; alignment=&#8220;center&#8220; el_class=&#8220;yearLine&#8220;][\/vc_column_inner][vc_column_inner width=&#8220;3\/12&#8243;][vc_single_image image=&#8220;553&#8243; img_size=&#8220;215&#215;215&#8243; alignment=&#8220;center&#8220; style=&#8220;vc_box_outline_circle_2&#8243; css_animation=&#8220;appear&#8220; el_class=&#8220;greyImg&#8220;][\/vc_column_inner][vc_column_inner width=&#8220;5\/12&#8243;][vc_column_text]Wir wurden nach ISO-Norm 9001:2000 im Bereich\u00a0\u201eEntwurf, M\u00f6belproduktion und Objekteinrichtung\u201c\u00a0zertifiziert.[\/vc_column_text][\/vc_column_inner][vc_column_inner width=&#8220;1\/12&#8243;][\/vc_column_inner][\/vc_row_inner][vc_row_inner css=&#8220;.vc_custom_1599572443415{margin-top: 0px !important;margin-bottom: 0px !important;}&#8220;][vc_column_inner][vc_single_image image=&#8220;542&#8243; img_size=&#8220;full&#8220; alignment=&#8220;center&#8220; el_class=&#8220;yearLineVertical&#8220;][\/vc_column_inner][\/vc_row_inner][vc_row_inner content_placement=&#8220;middle&#8220;][vc_column_inner width=&#8220;1\/12&#8243;][\/vc_column_inner][vc_column_inner width=&#8220;2\/12&#8243;][vc_column_text css=&#8220;.vc_custom_1599576779108{margin-bottom: 0px !important;}&#8220; el_class=&#8220;yearNo&#8220;]<\/p>\n<p style=\"text-align: center;\">2007<\/p>\n<p>[\/vc_column_text][vc_single_image image=&#8220;542&#8243; img_size=&#8220;full&#8220; alignment=&#8220;center&#8220; el_class=&#8220;yearLine&#8220;][\/vc_column_inner][vc_column_inner width=&#8220;3\/12&#8243;][vc_single_image image=&#8220;554&#8243; img_size=&#8220;215&#215;215&#8243; alignment=&#8220;center&#8220; style=&#8220;vc_box_outline_circle_2&#8243; css_animation=&#8220;appear&#8220; el_class=&#8220;greyImg&#8220;][\/vc_column_inner][vc_column_inner width=&#8220;5\/12&#8243;][vc_column_text]Im Jahr 2007 gewann IDONA eine Zertifizierung nach neuer ISO-Norm 9001:2008.[\/vc_column_text][\/vc_column_inner][vc_column_inner width=&#8220;1\/12&#8243;][\/vc_column_inner][\/vc_row_inner][vc_row_inner css=&#8220;.vc_custom_1599572443415{margin-top: 0px !important;margin-bottom: 0px !important;}&#8220;][vc_column_inner][vc_single_image image=&#8220;542&#8243; img_size=&#8220;full&#8220; alignment=&#8220;center&#8220; el_class=&#8220;yearLineVertical&#8220;][\/vc_column_inner][\/vc_row_inner][vc_row_inner content_placement=&#8220;middle&#8220;][vc_column_inner width=&#8220;1\/12&#8243;][\/vc_column_inner][vc_column_inner width=&#8220;2\/12&#8243;][vc_column_text css=&#8220;.vc_custom_1599578036264{margin-bottom: 0px !important;}&#8220; el_class=&#8220;yearNo&#8220;]<\/p>\n<p style=\"text-align: center;\">2009<\/p>\n<p>[\/vc_column_text][vc_single_image image=&#8220;542&#8243; img_size=&#8220;full&#8220; alignment=&#8220;center&#8220; el_class=&#8220;yearLine&#8220;][\/vc_column_inner][vc_column_inner width=&#8220;3\/12&#8243;][vc_single_image image=&#8220;556&#8243; img_size=&#8220;215&#215;215&#8243; alignment=&#8220;center&#8220; style=&#8220;vc_box_outline_circle_2&#8243; css_animation=&#8220;appear&#8220; el_class=&#8220;greyImg&#8220;][\/vc_column_inner][vc_column_inner width=&#8220;5\/12&#8243;][vc_column_text]Unsere F\u00e4higkeit den komplexen Leistungsumfang zu gew\u00e4hren, hat sich als gute Ma\u00dfnahme zur \u00dcberwindung der aufziehenden Marktkrise gezeigt. Durch die Optimierung der Herstellungsprozesse (schlanke und effektive Produktion) steigen sogar unsere Aktivit\u00e4ten und Ums\u00e4tze in dem Hotellerie-Segment an. Das Ergebnis davon sind neue Hotelreferenzen auf dem slowakischen Markt: Hotel TATRA | Hotel PAVLA | Hotel ALBRECHT | Appartementhaus SLALOM | Hotel SALAMANDRA.<br \/>\nIDONA wurde zum autorisierten M\u00f6bellieferanten f\u00fcr \u0160koda Auto Slowakei.[\/vc_column_text][\/vc_column_inner][vc_column_inner width=&#8220;1\/12&#8243;][\/vc_column_inner][\/vc_row_inner][vc_row_inner css=&#8220;.vc_custom_1599572443415{margin-top: 0px !important;margin-bottom: 0px !important;}&#8220;][vc_column_inner][vc_single_image image=&#8220;542&#8243; img_size=&#8220;full&#8220; alignment=&#8220;center&#8220; el_class=&#8220;yearLineVertical&#8220;][\/vc_column_inner][\/vc_row_inner][vc_row_inner content_placement=&#8220;middle&#8220;][vc_column_inner width=&#8220;1\/12&#8243;][\/vc_column_inner][vc_column_inner width=&#8220;2\/12&#8243;][vc_column_text css=&#8220;.vc_custom_1599578254044{margin-bottom: 0px !important;}&#8220; el_class=&#8220;yearNo&#8220;]<\/p>\n<p style=\"text-align: center;\">2014<\/p>\n<p>[\/vc_column_text][vc_single_image image=&#8220;542&#8243; img_size=&#8220;full&#8220; alignment=&#8220;center&#8220; el_class=&#8220;yearLine&#8220;][\/vc_column_inner][vc_column_inner width=&#8220;3\/12&#8243;][vc_single_image image=&#8220;558&#8243; img_size=&#8220;215&#215;215&#8243; alignment=&#8220;center&#8220; style=&#8220;vc_box_outline_circle_2&#8243; css_animation=&#8220;appear&#8220; el_class=&#8220;greyImg&#8220;][\/vc_column_inner][vc_column_inner width=&#8220;5\/12&#8243;][vc_column_text]Wir treten aktiv auf die ausl\u00e4ndischen M\u00e4rkte \u2013 \u00d6sterreich, Kroatien, Deutschland.<br \/>\nBusinessNews\u00a0\u2013 wir informieren unsere Gesch\u00e4ftspartner regelm\u00e4\u00dfig \u00fcber unsere Aktivit\u00e4ten und erfolgreiche Realisierungen quer durch Europa.<br \/>\nIPS System\u00a0(Idona Projektmanagement Services) \u2013 wir haben ein h\u00f6heres Level des Managements von Beziehungen mit Kunden definiert und eingef\u00fchrt.[\/vc_column_text][\/vc_column_inner][vc_column_inner width=&#8220;1\/12&#8243;][\/vc_column_inner][\/vc_row_inner][vc_row_inner css=&#8220;.vc_custom_1599572443415{margin-top: 0px !important;margin-bottom: 0px !important;}&#8220;][vc_column_inner][vc_single_image image=&#8220;542&#8243; img_size=&#8220;full&#8220; alignment=&#8220;center&#8220; el_class=&#8220;yearLineVertical&#8220;][\/vc_column_inner][\/vc_row_inner][vc_row_inner content_placement=&#8220;middle&#8220;][vc_column_inner width=&#8220;1\/12&#8243;][\/vc_column_inner][vc_column_inner width=&#8220;2\/12&#8243;][vc_column_text css=&#8220;.vc_custom_1602258562689{margin-bottom: 0px !important;}&#8220; el_class=&#8220;yearNo&#8220;]<\/p>\n<p style=\"text-align: center;\">2015<\/p>\n<p>[\/vc_column_text][vc_single_image image=&#8220;542&#8243; img_size=&#8220;full&#8220; alignment=&#8220;center&#8220; el_class=&#8220;yearLine&#8220;][\/vc_column_inner][vc_column_inner width=&#8220;3\/12&#8243;][vc_single_image image=&#8220;1060&#8243; img_size=&#8220;215&#215;215&#8243; alignment=&#8220;center&#8220; style=&#8220;vc_box_outline_circle_2&#8243; css_animation=&#8220;appear&#8220; el_class=&#8220;greyImg&#8220;][\/vc_column_inner][vc_column_inner width=&#8220;5\/12&#8243;][vc_column_text]Unser neues Firmengel\u00e4nde mit der Fl\u00e4che von 9000 m\u00b2 bietet uns genug Raum f\u00fcr Erg\u00e4nzung unseres Maschinenparks. Nachfolgend k\u00f6nnen neue CNC-Technologien angewendet werden, mit dem Ziel, eine bessere Ausf\u00fchrung der M\u00f6belteile zu gew\u00e4hrleisten. Wir haben ein progressives Managementsystem eingef\u00fchrt.[\/vc_column_text][\/vc_column_inner][vc_column_inner width=&#8220;1\/12&#8243;][\/vc_column_inner][\/vc_row_inner][vc_row_inner css=&#8220;.vc_custom_1599572443415{margin-top: 0px !important;margin-bottom: 0px !important;}&#8220;][vc_column_inner][vc_single_image image=&#8220;542&#8243; img_size=&#8220;full&#8220; alignment=&#8220;center&#8220; el_class=&#8220;yearLineVertical&#8220;][\/vc_column_inner][\/vc_row_inner][vc_row_inner content_placement=&#8220;middle&#8220;][vc_column_inner width=&#8220;1\/12&#8243;][\/vc_column_inner][vc_column_inner width=&#8220;2\/12&#8243;][vc_column_text css=&#8220;.vc_custom_1602489663132{margin-bottom: 0px !important;}&#8220; el_class=&#8220;yearNo&#8220;]<\/p>\n<p style=\"text-align: center;\">2019<\/p>\n<p>[\/vc_column_text][vc_single_image image=&#8220;542&#8243; img_size=&#8220;full&#8220; alignment=&#8220;center&#8220; el_class=&#8220;yearLine&#8220;][\/vc_column_inner][vc_column_inner width=&#8220;3\/12&#8243;][vc_single_image image=&#8220;1062&#8243; img_size=&#8220;215&#215;215&#8243; alignment=&#8220;center&#8220; style=&#8220;vc_box_outline_circle_2&#8243; css_animation=&#8220;appear&#8220; el_class=&#8220;greyImg&#8220;][\/vc_column_inner][vc_column_inner width=&#8220;5\/12&#8243;][vc_column_text]IDONA feiert 30 j\u00e4hriges Firmenjubil\u00e4um! Mit Freude und vollem Einsatz starten wir die 4. Dekade in der M\u00f6belbranche. Hotel Meininger Paris \u2013 eine erfolgreiche Realisierung des gr\u00f6\u00dften Projekts in unserer Firmengeschichte. Der Generationsaustausch in der Gesch\u00e4ftsf\u00fchrung hat begonnen.[\/vc_column_text][\/vc_column_inner][vc_column_inner width=&#8220;1\/12&#8243;][\/vc_column_inner][\/vc_row_inner][vc_row_inner css=&#8220;.vc_custom_1599572443415{margin-top: 0px !important;margin-bottom: 0px !important;}&#8220;][vc_column_inner][vc_single_image image=&#8220;542&#8243; img_size=&#8220;full&#8220; alignment=&#8220;center&#8220; el_class=&#8220;yearLineVertical&#8220;][\/vc_column_inner][\/vc_row_inner][vc_row_inner content_placement=&#8220;middle&#8220;][vc_column_inner width=&#8220;1\/12&#8243;][\/vc_column_inner][vc_column_inner width=&#8220;2\/12&#8243;][vc_column_text css=&#8220;.vc_custom_1611915373704{margin-bottom: 0px !important;}&#8220; el_class=&#8220;yearNo&#8220;]<\/p>\n<p style=\"text-align: center;\">2020<\/p>\n<p>[\/vc_column_text][vc_single_image image=&#8220;542&#8243; img_size=&#8220;full&#8220; alignment=&#8220;center&#8220; el_class=&#8220;yearLine&#8220;][\/vc_column_inner][vc_column_inner width=&#8220;3\/12&#8243;][vc_single_image image=&#8220;1989&#8243; img_size=&#8220;215&#215;215&#8243; alignment=&#8220;center&#8220; style=&#8220;vc_box_outline_circle_2&#8243; css_animation=&#8220;appear&#8220; el_class=&#8220;greyImg&#8220;][\/vc_column_inner][vc_column_inner width=&#8220;5\/12&#8243;][vc_column_text]In diesem anspruchsvollen Jahr haben wir ein weiteres gro\u00dfes Projekt in Deutschland fertiggestellt, das FourSide Hotel M\u00fcnchen.[\/vc_column_text][\/vc_column_inner][vc_column_inner width=&#8220;1\/12&#8243;][\/vc_column_inner][\/vc_row_inner][vc_row_inner css=&#8220;.vc_custom_1599572443415{margin-top: 0px !important;margin-bottom: 0px !important;}&#8220;][vc_column_inner][vc_single_image image=&#8220;542&#8243; img_size=&#8220;full&#8220; alignment=&#8220;center&#8220; el_class=&#8220;yearLineVertical&#8220;][\/vc_column_inner][\/vc_row_inner][vc_row_inner content_placement=&#8220;middle&#8220;][vc_column_inner width=&#8220;1\/12&#8243;][\/vc_column_inner][vc_column_inner width=&#8220;2\/12&#8243;][vc_column_text css=&#8220;.vc_custom_1658321442565{margin-bottom: 0px !important;}&#8220; el_class=&#8220;yearNo&#8220;]<\/p>\n<p style=\"text-align: center;\">2021<\/p>\n<p>[\/vc_column_text][vc_single_image image=&#8220;542&#8243; img_size=&#8220;full&#8220; alignment=&#8220;center&#8220; el_class=&#8220;yearLine&#8220;][\/vc_column_inner][vc_column_inner width=&#8220;3\/12&#8243;][vc_single_image image=&#8220;4245&#8243; img_size=&#8220;215&#215;215&#8243; alignment=&#8220;center&#8220; style=&#8220;vc_box_outline_circle_2&#8243; css_animation=&#8220;appear&#8220; el_class=&#8220;greyImg&#8220;][\/vc_column_inner][vc_column_inner width=&#8220;5\/12&#8243;][vc_column_text]Bau einer Lagerhalle.<br \/>\nFertigstellung der Projekte Hotel Four Side Freiburg, Hotel Hills Star\u00e1 Lesn\u00e1, Meininger Bordeaux.<br \/>\nWir haben ein herausforderndes Jahr mit der COVID-19-Pandemie \u00fcberstanden, ohne die Anzahl unserer Mitarbeiter reduzieren m\u00fcssen.[\/vc_column_text][\/vc_column_inner][vc_column_inner width=&#8220;1\/12&#8243;][\/vc_column_inner][\/vc_row_inner][vc_row_inner css=&#8220;.vc_custom_1599572443415{margin-top: 0px !important;margin-bottom: 0px !important;}&#8220;][vc_column_inner][vc_single_image image=&#8220;542&#8243; img_size=&#8220;full&#8220; alignment=&#8220;center&#8220; el_class=&#8220;yearLineVertical&#8220;][\/vc_column_inner][\/vc_row_inner][vc_row_inner content_placement=&#8220;middle&#8220;][vc_column_inner width=&#8220;1\/12&#8243;][\/vc_column_inner][vc_column_inner width=&#8220;2\/12&#8243;][vc_column_text css=&#8220;.vc_custom_1658323437324{margin-bottom: 0px !important;}&#8220; el_class=&#8220;yearNo&#8220;]<\/p>\n<p style=\"text-align: center;\">2022<\/p>\n<p>[\/vc_column_text][vc_single_image image=&#8220;542&#8243; img_size=&#8220;full&#8220; alignment=&#8220;center&#8220; el_class=&#8220;yearLine&#8220;][\/vc_column_inner][vc_column_inner width=&#8220;3\/12&#8243;][vc_single_image image=&#8220;4251&#8243; img_size=&#8220;215&#215;215&#8243; alignment=&#8220;center&#8220; style=&#8220;vc_box_outline_circle_2&#8243; css_animation=&#8220;appear&#8220; el_class=&#8220;greyImg&#8220;][\/vc_column_inner][vc_column_inner width=&#8220;5\/12&#8243;][vc_column_text]Abschluss des Projekts Meininger Bremen.<br \/>\nVereinbarung der Zusammenarbeit an den Projekten Krankenhaus Bory und IBM Bratislava.[\/vc_column_text][\/vc_column_inner][vc_column_inner width=&#8220;1\/12&#8243;][\/vc_column_inner][\/vc_row_inner][vc_row_inner css=&#8220;.vc_custom_1599572443415{margin-top: 0px !important;margin-bottom: 0px !important;}&#8220;][vc_column_inner][vc_single_image image=&#8220;542&#8243; img_size=&#8220;full&#8220; alignment=&#8220;center&#8220; el_class=&#8220;yearLineVertical&#8220;][\/vc_column_inner][\/vc_row_inner][vc_row_inner content_placement=&#8220;middle&#8220;][vc_column_inner width=&#8220;1\/12&#8243;][\/vc_column_inner][vc_column_inner width=&#8220;2\/12&#8243;][vc_column_text css=&#8220;.vc_custom_1720624581009{margin-bottom: 0px !important;}&#8220; el_class=&#8220;yearNo&#8220;]<\/p>\n<p style=\"text-align: center;\">2023<\/p>\n<p>[\/vc_column_text][vc_single_image image=&#8220;542&#8243; img_size=&#8220;full&#8220; alignment=&#8220;center&#8220; el_class=&#8220;yearLine&#8220;][\/vc_column_inner][vc_column_inner width=&#8220;3\/12&#8243;][vc_single_image image=&#8220;5341&#8243; img_size=&#8220;215&#215;215&#8243; alignment=&#8220;center&#8220; style=&#8220;vc_box_outline_circle_2&#8243; css_animation=&#8220;appear&#8220; el_class=&#8220;greyImg&#8220;][\/vc_column_inner][vc_column_inner width=&#8220;5\/12&#8243;][vc_column_text]Bau von 2 neuen Hallen \u2013 Produktionshalle und Lagerhalle + Abschluss des Umbaus des gesamten Komplexes.[\/vc_column_text][\/vc_column_inner][vc_column_inner width=&#8220;1\/12&#8243;][\/vc_column_inner][\/vc_row_inner][vc_row_inner css=&#8220;.vc_custom_1599572443415{margin-top: 0px !important;margin-bottom: 0px !important;}&#8220;][vc_column_inner][vc_single_image image=&#8220;542&#8243; img_size=&#8220;full&#8220; alignment=&#8220;center&#8220; el_class=&#8220;yearLineVertical&#8220;][\/vc_column_inner][\/vc_row_inner][vc_row_inner content_placement=&#8220;middle&#8220;][vc_column_inner width=&#8220;1\/12&#8243;][\/vc_column_inner][vc_column_inner width=&#8220;2\/12&#8243;][vc_column_text css=&#8220;.vc_custom_1720624752753{margin-bottom: 0px !important;}&#8220; el_class=&#8220;yearNo&#8220;]<\/p>\n<p style=\"text-align: center;\">2024<\/p>\n<p>[\/vc_column_text][vc_single_image image=&#8220;542&#8243; img_size=&#8220;full&#8220; alignment=&#8220;center&#8220; el_class=&#8220;yearLine&#8220;][\/vc_column_inner][vc_column_inner width=&#8220;3\/12&#8243;][vc_single_image image=&#8220;5347&#8243; img_size=&#8220;215&#215;215&#8243; alignment=&#8220;center&#8220; style=&#8220;vc_box_outline_circle_2&#8243; css_animation=&#8220;appear&#8220; el_class=&#8220;greyImg&#8220;][\/vc_column_inner][vc_column_inner width=&#8220;5\/12&#8243;][vc_column_text]Fertigstellung des historisch gr\u00f6\u00dften Projekts H4 Hotel Wyndham Paris Pleyel Resort (700 Zimmer).[\/vc_column_text][\/vc_column_inner][vc_column_inner width=&#8220;1\/12&#8243;][\/vc_column_inner][\/vc_row_inner][vc_empty_space height=&#8220;2vw&#8220;][\/vc_column][\/vc_row][vc_row full_width=&#8220;stretch_row_content&#8220; remove_padding=&#8220;no-padding-vc-row&#8220; el_id=&#8220;clenstvo&#8220; css=&#8220;.vc_custom_1771511661110{padding-top: 80px !important;padding-bottom: 60px !important;background-color: #F2F2F2 !important;}&#8220;][vc_column][vc_empty_space height=&#8220;2vw&#8220;][vc_column_text css_animation=&#8220;bounceIn&#8220; css=&#8220;&#8220;]<img decoding=\"async\" class=\"style-svg aligncenter\" src=\"\/wp-content\/uploads\/2026\/02\/memberTag.svg\" alt=\"\" width=\"68px\" height=\"58px\" \/>[\/vc_column_text][vc_row_inner][vc_column_inner width=&#8220;1\/6&#8243;][\/vc_column_inner][vc_column_inner width=&#8220;2\/3&#8243;][vc_column_text css=&#8220;.vc_custom_1771512510724{margin-bottom: 15px !important;}&#8220; el_class=&#8220;realName&#8220;]<\/p>\n<p style=\"text-align: center;\">Mitgliedschaft in Organisationen<\/p>\n<p>[\/vc_column_text][\/vc_column_inner][vc_column_inner width=&#8220;1\/6&#8243;][\/vc_column_inner][\/vc_row_inner][vc_row_inner el_id=&#8220;orgLogos&#8220;][vc_column_inner el_class=&#8220;orglogoCon&#8220; width=&#8220;1\/5&#8243;][vc_single_image image=&#8220;6759&#8243; alignment=&#8220;center&#8220; onclick=&#8220;custom_link&#8220; img_link_target=&#8220;_blank&#8220; css=&#8220;&#8220; link=&#8220;https:\/\/www.zsdsr.sk\/&#8220; el_class=&#8220;orglogo&#8220;][\/vc_column_inner][vc_column_inner el_class=&#8220;orglogoCon&#8220; width=&#8220;1\/5&#8243;][vc_single_image image=&#8220;6756&#8243; alignment=&#8220;center&#8220; onclick=&#8220;custom_link&#8220; img_link_target=&#8220;_blank&#8220; css=&#8220;&#8220; link=&#8220;https:\/\/www.hrdynabytok.sk\/&#8220; el_class=&#8220;orglogo&#8220;][\/vc_column_inner][vc_column_inner el_class=&#8220;orglogoCon&#8220; width=&#8220;1\/5&#8243;][vc_single_image image=&#8220;6750&#8243; alignment=&#8220;center&#8220; onclick=&#8220;custom_link&#8220; img_link_target=&#8220;_blank&#8220; css=&#8220;&#8220; link=&#8220;https:\/\/www.fbn.sk\/&#8220; el_class=&#8220;orglogo&#8220;][\/vc_column_inner][vc_column_inner el_class=&#8220;orglogoCon&#8220; width=&#8220;1\/5&#8243;][vc_single_image image=&#8220;6753&#8243; alignment=&#8220;center&#8220; onclick=&#8220;custom_link&#8220; img_link_target=&#8220;_blank&#8220; css=&#8220;&#8220; link=&#8220;https:\/\/www.exporteri.sk\/en\/&#8220; el_class=&#8220;orglogo&#8220;][\/vc_column_inner][vc_column_inner el_class=&#8220;orglogoCon&#8220; width=&#8220;1\/5&#8243;][vc_single_image image=&#8220;6747&#8243; alignment=&#8220;center&#8220; onclick=&#8220;custom_link&#8220; img_link_target=&#8220;_blank&#8220; css=&#8220;&#8220; link=&#8220;https:\/\/slowakei.ahk.de\/de&#8220; el_class=&#8220;orglogo percent85&#8243;][\/vc_column_inner][\/vc_row_inner][vc_empty_space height=&#8220;2vw&#8220;][\/vc_column][\/vc_row][vc_row full_width=&#8220;stretch_row&#8220; content_placement=&#8220;middle&#8220; remove_padding=&#8220;no-padding-vc-row&#8220; css=&#8220;.vc_custom_1771512587510{margin-top: 0px !important;margin-bottom: 0px !important;padding-top: 80px !important;padding-bottom: 60px !important;background-color: #e9e8e6 !important;}&#8220; el_id=&#8220;kompetenz&#8220;][vc_column][vc_empty_space height=&#8220;2vw&#8220;][vc_column_text css_animation=&#8220;bounceIn&#8220; css=&#8220;.vc_custom_1603294088519{margin-top: 0px !important;margin-bottom: 15px !important;}&#8220;]<img decoding=\"async\" class=\"style-svg aligncenter\" src=\"\/wp-content\/uploads\/2020\/10\/Diamond.svg\" alt=\"\" width=\"60px\" height=\"51px\" \/>[\/vc_column_text][vc_row_inner][vc_column_inner width=&#8220;1\/3&#8243;][\/vc_column_inner][vc_column_inner width=&#8220;1\/3&#8243;][vc_column_text css=&#8220;.vc_custom_1611913363344{margin-bottom: 15px !important;}&#8220; el_class=&#8220;realName&#8220;]<\/p>\n<p style=\"text-align: center;\">Kompetenz<\/p>\n<p>[\/vc_column_text][vc_separator color=&#8220;chino&#8220; el_width=&#8220;80&#8243; css=&#8220;.vc_custom_1599637474189{margin-bottom: 15px !important;}&#8220;][vc_column_text]<\/p>\n<p style=\"text-align: center;\">Unsere Kompetenz sowie Qualit\u00e4t unserer Produkte beweisen alle Zertifikate und Bewertungen von verschiedenen Fachkommissionen:<\/p>\n<p>[\/vc_column_text][\/vc_column_inner][vc_column_inner width=&#8220;1\/3&#8243;][\/vc_column_inner][\/vc_row_inner][vc_row_inner content_placement=&#8220;middle&#8220; css=&#8220;.vc_custom_1599640622830{margin-bottom: 30px !important;}&#8220;][vc_column_inner width=&#8220;1\/12&#8243;][\/vc_column_inner][vc_column_inner width=&#8220;3\/12&#8243;]<div class=\"uavc-list-icon uavc-list-icon-wrapper ult-adjust-bottom-margin   \"><ul class=\"uavc-list\"><li><div class=\"uavc-list-content\" id=\"list-icon-wrap-8123\">\n<div class=\"uavc-list-icon  \" data-animation=\"\" data-animation-delay=\"03\" style=\"margin-right:10px;\"><div class=\"ult-just-icon-wrapper  \"><div class=\"align-icon\" style=\"text-align:center;\">\n<div class=\"aio-icon-img \" style=\"font-size:23px;display:inline-block;\" >\n\t<img decoding=\"async\" class=\"img-icon\" alt=\"null\" src=\"https:\/\/www.idona.sk\/wp-content\/uploads\/2020\/09\/miniCertify.png\"\/>\n<\/div><\/div><\/div>\n<\/div><span  data-ultimate-target='#list-icon-wrap-8123 .uavc-list-desc'  data-responsive-json-new='{\"font-size\":\"\",\"line-height\":\"desktop:20px;\"}'  class=\"uavc-list-desc ult-responsive\" style=\"\">Eine belobende Anerkennung im \u00fcberregionalen Wettbewerb Nationalpreis f\u00fcr Design 2003<\/span><\/div><\/li><li><div class=\"uavc-list-content\" id=\"list-icon-wrap-5971\">\n<div class=\"uavc-list-icon  \" data-animation=\"\" data-animation-delay=\"03\" style=\"margin-right:10px;\"><div class=\"ult-just-icon-wrapper  \"><div class=\"align-icon\" style=\"text-align:center;\">\n<div class=\"aio-icon-img \" style=\"font-size:23px;display:inline-block;\" >\n\t<img decoding=\"async\" class=\"img-icon\" alt=\"null\" src=\"https:\/\/www.idona.sk\/wp-content\/uploads\/2020\/09\/miniCertify.png\"\/>\n<\/div><\/div><\/div>\n<\/div><span  data-ultimate-target='#list-icon-wrap-5971 .uavc-list-desc'  data-responsive-json-new='{\"font-size\":\"\",\"line-height\":\"desktop:20px;\"}'  class=\"uavc-list-desc ult-responsive\" style=\"\">Pr\u00e4sidentenpreis des Verbands der Europ\u00e4ischen M\u00f6belindustrie \/U.E.A.\/ auf der Handelsmesse M\u00f6bel und Wohnen 2003<\/span><\/div><\/li><li><div class=\"uavc-list-content\" id=\"list-icon-wrap-6755\">\n<div class=\"uavc-list-icon  \" data-animation=\"\" data-animation-delay=\"03\" style=\"margin-right:10px;\"><div class=\"ult-just-icon-wrapper  \"><div class=\"align-icon\" style=\"text-align:center;\">\n<div class=\"aio-icon-img \" style=\"font-size:23px;display:inline-block;\" >\n\t<img decoding=\"async\" class=\"img-icon\" alt=\"null\" src=\"https:\/\/www.idona.sk\/wp-content\/uploads\/2020\/09\/miniCertify.png\"\/>\n<\/div><\/div><\/div>\n<\/div><span  data-ultimate-target='#list-icon-wrap-6755 .uavc-list-desc'  data-responsive-json-new='{\"font-size\":\"\",\"line-height\":\"desktop:20px;\"}'  class=\"uavc-list-desc ult-responsive\" style=\"\">Die Preise der Handelsmesse M\u00f6bel und Wohnen in Jahren 2003, 2004, 2005, 2006, 2008 und\u00a02009 f\u00fcr die ausgestellten M\u00f6belexponate f\u00fcr Hotels und B\u00fcros.<\/span><\/div><\/li><\/ul><\/div>[\/vc_column_inner][vc_column_inner width=&#8220;4\/12&#8243;][vc_single_image image=&#8220;570&#8243; img_size=&#8220;full&#8220; alignment=&#8220;center&#8220;][\/vc_column_inner][vc_column_inner width=&#8220;3\/12&#8243;][vc_column_text]<\/p>\n<p style=\"text-align: right;\">IDONA verf\u00fcgt \u00fcber das integrierte System des Unternehmensmanagements zur Sicherstellung eines hohen Qualit\u00e4tsniveau der produzierten M\u00f6bel, Sicherheit und Gesundheitsschutz am Arbeitsplatz, Nachhaltigkeit mit dem Akzent auf Minderung der Umweltbelastung (unsere Priorit\u00e4t beim Erreichen des Erfolgs und Prosperit\u00e4t), womit unsere Wettbewerbsf\u00e4higkeit auf dem heimischen sowie ausl\u00e4ndischen Markt erh\u00f6ht wird.<\/p>\n<p>[\/vc_column_text][\/vc_column_inner][vc_column_inner width=&#8220;1\/12&#8243;][\/vc_column_inner][\/vc_row_inner][vc_empty_space height=&#8220;2vw&#8220;][\/vc_column][\/vc_row][vc_row full_width=&#8220;stretch_row&#8220; remove_padding=&#8220;no-padding-vc-row&#8220; css=&#8220;.vc_custom_1771512639715{margin-top: 0px !important;margin-bottom: 0px !important;padding-top: 80px !important;padding-bottom: 60px !important;}&#8220; el_id=&#8220;zertifikaten&#8220;][vc_column][vc_empty_space height=&#8220;2vw&#8220;][vc_column_text css_animation=&#8220;bounceIn&#8220; css=&#8220;.vc_custom_1608217867489{margin-bottom: 15px !important;}&#8220;]<img decoding=\"async\" class=\"style-svg aligncenter\" src=\"\/wp-content\/uploads\/2020\/10\/Certify.svg\" alt=\"\" width=\"54px\" height=\"67px\" \/>[\/vc_column_text][vc_row_inner][vc_column_inner][vc_column_text css=&#8220;.vc_custom_1611913408193{margin-bottom: 15px !important;}&#8220; el_class=&#8220;realName&#8220;]<\/p>\n<p style=\"text-align: center;\">Zertifikate und Auszeichnungen<\/p>\n<p>[\/vc_column_text][vc_empty_space][\/vc_column_inner][\/vc_row_inner][vc_row_inner][vc_column_inner]<div id=\"ult-carousel-369242497669f38ec7df7a1\" class=\"ult-carousel-wrapper   ult_horizontal\" data-gutter=\"30\" data-rtl=\"false\" ><div class=\"ult-carousel-414094508869f38ec7dee88 \" >[vc_single_image image=&#8220;5465&#8243; img_size=&#8220;150&#215;210&#8243; add_caption=&#8220;yes&#8220; alignment=&#8220;center&#8220; style=&#8220;vc_box_shadow&#8220; onclick=&#8220;img_link_large&#8220; css=&#8220;&#8220;][vc_single_image image=&#8220;4521&#8243; img_size=&#8220;150&#215;210&#8243; add_caption=&#8220;yes&#8220; alignment=&#8220;center&#8220; style=&#8220;vc_box_shadow&#8220; onclick=&#8220;img_link_large&#8220; css=&#8220;&#8220;]<\/div><\/div>\t\t\t<script type=\"text\/javascript\">\n\t\t\t\tjQuery(document).ready(function ($) {\n\t\t\t\t\tif( typeof jQuery('.ult-carousel-414094508869f38ec7dee88').slick == \"function\"){\n\t\t\t\t\t\t$('.ult-carousel-414094508869f38ec7dee88').slick({dots: false,autoplaySpeed: \"5000\",speed: \"300\",infinite: true,arrows: true,nextArrow: '<button type=\"button\" role=\"button\" aria-label=\"Next\" style=\"color:#cccccc; font-size:28px;border:1px solid #cccccc;\" class=\"slick-next circle-border\"><i class=\"ultsl-arrow-right4\"><\/i><\/button>',prevArrow: '<button type=\"button\" role=\"button\" aria-label=\"Previous\" style=\"color:#cccccc; font-size:28px;border:1px solid #cccccc;\" class=\"slick-prev circle-border\"><i class=\"ultsl-arrow-left4\"><\/i><\/button>',slidesToScroll:4,slidesToShow:4,swipe: true,draggable: true,touchMove: true,pauseOnHover: true,pauseOnFocus: false,centerMode: true,responsive: [\n\t\t\t\t\t\t\t{\n\t\t\t\t\t\t\t  breakpoint: 1026,\n\t\t\t\t\t\t\t  settings: {\n\t\t\t\t\t\t\t\tslidesToShow: 4,\n\t\t\t\t\t\t\t\tslidesToScroll: 4,  \n\t\t\t\t\t\t\t  }\n\t\t\t\t\t\t\t},\n\t\t\t\t\t\t\t{\n\t\t\t\t\t\t\t  breakpoint: 1025,\n\t\t\t\t\t\t\t  settings: {\n\t\t\t\t\t\t\t\tslidesToShow: 3,\n\t\t\t\t\t\t\t\tslidesToScroll: 3\n\t\t\t\t\t\t\t  }\n\t\t\t\t\t\t\t},\n\t\t\t\t\t\t\t{\n\t\t\t\t\t\t\t  breakpoint: 760,\n\t\t\t\t\t\t\t  settings: {\n\t\t\t\t\t\t\t\tslidesToShow: 2,\n\t\t\t\t\t\t\t\tslidesToScroll: 2\n\t\t\t\t\t\t\t  }\n\t\t\t\t\t\t\t}\n\t\t\t\t\t\t],pauseOnDotsHover: true,customPaging: function(slider, i) {\n                   return '<i type=\"button\" style= \"color:#333333;\" class=\"ultsl-record\" data-role=\"none\"><\/i>';\n                },});\n\t\t\t\t\t}\n\t\t\t\t});\n\t\t\t<\/script>\n\t\t\t[\/vc_column_inner][\/vc_row_inner][vc_empty_space height=&#8220;2vw&#8220;][\/vc_column][\/vc_row]<\/p>\n<\/div>","protected":false},"excerpt":{"rendered":"<p>[vc_row full_width=&#8220;stretch_row&#8220; remove_padding=&#8220;no-padding-vc-row&#8220; el_id=&#8220;profil&#8220;][vc_column width=&#8220;1\/12&#8243;][\/vc_column][vc_column width=&#8220;10\/12&#8243;][vc_empty_space height=&#8220;60px&#8220;][vc_column_text el_class=&#8220;txtbig&#8220;]Seit 1989 produziert IDONA ma\u00dfgeschneiderte M\u00f6bel f\u00fcr Hotels, B\u00fcros, Retail, private H\u00e4user und Villen. Der Bedarf, die Vorstellungen von Investoren mit Ideen der Architekten und den Herstellungsm\u00f6glichkeiten zu verkn\u00fcpfen, um ein einzigartiges Interieur&#8230;<\/p>\n","protected":false},"author":1,"featured_media":0,"parent":0,"menu_order":0,"comment_status":"closed","ping_status":"open","template":"","meta":{"inline_featured_image":false,"footnotes":""},"class_list":["post-1487","page","type-page","status-publish","hentry"],"_links":{"self":[{"href":"https:\/\/www.idona.sk\/de\/wp-json\/wp\/v2\/pages\/1487","targetHints":{"allow":["GET"]}}],"collection":[{"href":"https:\/\/www.idona.sk\/de\/wp-json\/wp\/v2\/pages"}],"about":[{"href":"https:\/\/www.idona.sk\/de\/wp-json\/wp\/v2\/types\/page"}],"author":[{"embeddable":true,"href":"https:\/\/www.idona.sk\/de\/wp-json\/wp\/v2\/users\/1"}],"replies":[{"embeddable":true,"href":"https:\/\/www.idona.sk\/de\/wp-json\/wp\/v2\/comments?post=1487"}],"version-history":[{"count":33,"href":"https:\/\/www.idona.sk\/de\/wp-json\/wp\/v2\/pages\/1487\/revisions"}],"predecessor-version":[{"id":6813,"href":"https:\/\/www.idona.sk\/de\/wp-json\/wp\/v2\/pages\/1487\/revisions\/6813"}],"wp:attachment":[{"href":"https:\/\/www.idona.sk\/de\/wp-json\/wp\/v2\/media?parent=1487"}],"curies":[{"name":"wp","href":"https:\/\/api.w.org\/{rel}","templated":true}]}}